{"id":129871,"date":"2022-12-01T11:53:54","date_gmt":"2022-12-01T10:53:54","guid":{"rendered":"https:\/\/www.badzurzach.info\/angebote\/bunker-zurzach\/"},"modified":"2024-05-21T12:50:26","modified_gmt":"2024-05-21T10:50:26","slug":"bunker-zurzach","status":"publish","type":"angebot","link":"https:\/\/www.badzurzach.info\/fr\/angebote\/bunker-zurzach\/","title":{"rendered":"Bunker &#8211; Zurzach"},"content":{"rendered":"\n<h2 class=\"wp-block-heading\">Ch\u00e2teau de Zurzach &#8211; un bunker de la Seconde Guerre mondiale<\/h2>\n<section class=\"block-text-box \">\n  \n\n<p>En 1934, un cours d&rsquo;officiers ing\u00e9nieurs s&rsquo;est pench\u00e9 sur la<br\/>Fortification de la t\u00eate de pont <strong>du passage du Rhin \u00e0 Zurzach<\/strong>. Entre<br\/>Les sept ouvrages du barrage de Zurzach ont \u00e9t\u00e9 construits en 1936 et 1939.<\/p>\n\n\n\n<p><\/p>\n\n\n<\/section>\n\n\n<div class=\"wp-block-columns is-layout-flex wp-container-core-columns-is-layout-9d6595d7 wp-block-columns-is-layout-flex\">\n<div class=\"wp-block-column is-layout-flow wp-block-column-is-layout-flow\">\n<figure class=\"wp-block-image size-full\"><img decoding=\"async\" width=\"510\" height=\"486\" src=\"https:\/\/www.badzurzach.info\/wp-content\/uploads\/2022\/12\/Sperstelle-Zurzach.jpg\" alt=\"\" class=\"wp-image-18969\" srcset=\"https:\/\/www.badzurzach.info\/wp-content\/uploads\/2022\/12\/Sperstelle-Zurzach.jpg 510w, https:\/\/www.badzurzach.info\/wp-content\/uploads\/2022\/12\/Sperstelle-Zurzach-300x286.jpg 300w\" sizes=\"(max-width: 510px) 100vw, 510px\" \/><\/figure>\n<\/div>\n\n\n\n<div class=\"wp-block-column is-layout-flow wp-block-column-is-layout-flow\"><section class=\"block-text-box \">\n  \n\n<p>Ce bunker a \u00e9t\u00e9 achev\u00e9 le 27 mars 1939 et occup\u00e9 s\u00e9rieusement le 29 ao\u00fbt 1939 par des soldats de la compagnie de mitrailleurs frontaliers IV\/252 de la brigade frontali\u00e8re 5. Particularit\u00e9 de ce bunker : l&rsquo;acc\u00e8s est visible par l&rsquo;ennemi !<br\/><\/p>\n\n\n\n<p>La devise de la brigade frontali\u00e8re 5 \u00e0 l&rsquo;\u00e9poque \u00e9tait : <strong>\u00ab\u00a0Tenir jusqu&rsquo;\u00e0 la derni\u00e8re cartouche !<\/strong> <\/p>\n\n\n<\/section>\n\n<\/div>\n<\/div>\n<section class=\"block-text-box \">\n  \n\n<p>Les armes du bunker \u00e9taient am\u00e9nag\u00e9es de mani\u00e8re \u00e0 pouvoir ouvrir le feu sur des cibles pr\u00e9d\u00e9finies, m\u00eame de nuit et par temps de brouillard. L&rsquo;\u00e9quipage du bunker recevait les ordres de tir des commandants de section, \u00e0 l&rsquo;ext\u00e9rieur du bunker, par t\u00e9l\u00e9phone de campagne. Au combat, l&rsquo;\u00e9quipage devait porter des masques de protection reli\u00e9s par des tuyaux au syst\u00e8me de ventilation, en raison de la vapeur de poudre. La salle de combat et la salle de s\u00e9jour \u00e9taient s\u00e9par\u00e9es herm\u00e9tiquement par une trappe m\u00e9tallique.  <\/p>\n\n\n\n<p>Chaque bunker \u00e9tait \u00e9quip\u00e9 de la sorte (eau, nourriture, munitions),<br\/>qu&rsquo;il pouvait tenir environ trois semaines de mani\u00e8re autonome. Le retrait ou l&rsquo;abandon n&rsquo;\u00e9taient pas pr\u00e9vus.<\/p>\n\n\n\n<p><br\/><\/p>\n\n\n<\/section>\n\n\n<figure class=\"wp-block-image size-large\"><img decoding=\"async\" width=\"1024\" height=\"354\" src=\"https:\/\/www.badzurzach.info\/wp-content\/uploads\/2022\/12\/Burg-Zurzach-1024x354.jpg\" alt=\"\" class=\"wp-image-18977\" srcset=\"https:\/\/www.badzurzach.info\/wp-content\/uploads\/2022\/12\/Burg-Zurzach-1024x354.jpg 1024w, https:\/\/www.badzurzach.info\/wp-content\/uploads\/2022\/12\/Burg-Zurzach-300x104.jpg 300w, https:\/\/www.badzurzach.info\/wp-content\/uploads\/2022\/12\/Burg-Zurzach-768x265.jpg 768w, https:\/\/www.badzurzach.info\/wp-content\/uploads\/2022\/12\/Burg-Zurzach-600x207.jpg 600w, https:\/\/www.badzurzach.info\/wp-content\/uploads\/2022\/12\/Burg-Zurzach.jpg 1037w\" sizes=\"(max-width: 1024px) 100vw, 1024px\" \/><\/figure>\n\n<h2 class=\"wp-block-heading\">Entrez !  <\/h2>\n\n<p>Nous vous montrons la vie dans le bunker.  <\/p>\n\n<div class=\"wp-block-columns is-layout-flex wp-container-core-columns-is-layout-9d6595d7 wp-block-columns-is-layout-flex\">\n<div class=\"wp-block-column is-layout-flow wp-block-column-is-layout-flow\">\n<figure class=\"wp-block-image size-large is-resized\"><img decoding=\"async\" src=\"https:\/\/www.badzurzach.info\/wp-content\/uploads\/2022\/12\/Bild-mit-Soldaten-scaled-e1676372030375.jpg\" alt=\"\" class=\"wp-image-36471\" width=\"512\" height=\"363\"\/><\/figure>\n<\/div>\n\n\n\n<div class=\"wp-block-column is-layout-flow wp-block-column-is-layout-flow\">\n<figure class=\"wp-block-embed is-type-video is-provider-youtube wp-block-embed-youtube wp-embed-aspect-16-9 wp-has-aspect-ratio\"><div class=\"wp-block-embed__wrapper\">\n<iframe title=\"Leben im Bunker aus dem 2. Weltkrieg\" width=\"500\" height=\"281\" src=\"https:\/\/www.youtube.com\/embed\/TCaEsoP4YB4?feature=oembed\" frameborder=\"0\" allow=\"accelerometer; autoplay; clipboard-write; encrypted-media; gyroscope; picture-in-picture; web-share\" referrerpolicy=\"strict-origin-when-cross-origin\" allowfullscreen><\/iframe>\n<\/div><\/figure>\n<\/div>\n<\/div>\n\n<p>Un travail commun de : Bad Zurzach Tourismus AG, Milit\u00e4rmuseum Full, Historische Vereinigung des Bezirks Zurzach.<\/p>\n","protected":false},"featured_media":36473,"menu_order":67,"template":"","themen":[348],"class_list":["post-129871","angebot","type-angebot","status-publish","has-post-thumbnail","hentry","themen-culture-coutumes"],"acf":[],"yoast_head":"<!-- This site is optimized with the Yoast SEO plugin v27.5 - https:\/\/yoast.com\/product\/yoast-seo-wordpress\/ -->\n<title>Bunker de Zurzach<\/title>\n<meta name=\"description\" content=\"Le bunker de Zurzach a \u00e9t\u00e9 occup\u00e9 par des soldats en 1939 et raconte leur histoire.\" \/>\n<meta name=\"robots\" content=\"index, follow, max-snippet:-1, max-image-preview:large, max-video-preview:-1\" \/>\n<link rel=\"canonical\" href=\"https:\/\/www.badzurzach.info\/fr\/angebote\/bunker-zurzach\/\" \/>\n<meta property=\"og:locale\" content=\"fr_FR\" \/>\n<meta property=\"og:type\" content=\"article\" \/>\n<meta property=\"og:title\" content=\"Bunker de Zurzach\" \/>\n<meta property=\"og:description\" content=\"Le bunker de Zurzach a \u00e9t\u00e9 occup\u00e9 par des soldats en 1939 et raconte leur histoire.\" \/>\n<meta property=\"og:url\" content=\"https:\/\/www.badzurzach.info\/fr\/angebote\/bunker-zurzach\/\" \/>\n<meta property=\"og:site_name\" content=\"Bad Zurzach Tourismus\" \/>\n<meta property=\"article:publisher\" content=\"https:\/\/www.facebook.com\/badzurzachtourismus\" \/>\n<meta property=\"article:modified_time\" content=\"2024-05-21T10:50:26+00:00\" \/>\n<meta property=\"og:image\" content=\"https:\/\/www.badzurzach.info\/wp-content\/uploads\/2022\/12\/Soldat-vor-Bunker.jpg\" \/>\n<meta name=\"twitter:card\" content=\"summary_large_image\" \/>\n<meta name=\"twitter:site\" content=\"@BadZurzach\" \/>\n<meta name=\"twitter:label1\" content=\"Dur\u00e9e de lecture estim\u00e9e\" \/>\n\t<meta name=\"twitter:data1\" content=\"1 minute\" \/>\n<script type=\"application\/ld+json\" class=\"yoast-schema-graph\">{\"@context\":\"https:\\\/\\\/schema.org\",\"@graph\":[{\"@type\":\"WebPage\",\"@id\":\"https:\\\/\\\/www.badzurzach.info\\\/fr\\\/angebote\\\/bunker-zurzach\\\/\",\"url\":\"https:\\\/\\\/www.badzurzach.info\\\/fr\\\/angebote\\\/bunker-zurzach\\\/\",\"name\":\"Bunker de Zurzach\",\"isPartOf\":{\"@id\":\"https:\\\/\\\/www.badzurzach.info\\\/#website\"},\"primaryImageOfPage\":{\"@id\":\"https:\\\/\\\/www.badzurzach.info\\\/fr\\\/angebote\\\/bunker-zurzach\\\/#primaryimage\"},\"image\":{\"@id\":\"https:\\\/\\\/www.badzurzach.info\\\/fr\\\/angebote\\\/bunker-zurzach\\\/#primaryimage\"},\"thumbnailUrl\":\"https:\\\/\\\/www.badzurzach.info\\\/wp-content\\\/uploads\\\/2022\\\/12\\\/Bild-mit-Soldaten-scaled-e1676372030375.jpg\",\"datePublished\":\"2022-12-01T10:53:54+00:00\",\"dateModified\":\"2024-05-21T10:50:26+00:00\",\"description\":\"Le bunker de Zurzach a \u00e9t\u00e9 occup\u00e9 par des soldats en 1939 et raconte leur histoire.\",\"breadcrumb\":{\"@id\":\"https:\\\/\\\/www.badzurzach.info\\\/fr\\\/angebote\\\/bunker-zurzach\\\/#breadcrumb\"},\"inLanguage\":\"fr-FR\",\"potentialAction\":[{\"@type\":\"ReadAction\",\"target\":[\"https:\\\/\\\/www.badzurzach.info\\\/fr\\\/angebote\\\/bunker-zurzach\\\/\"]}]},{\"@type\":\"ImageObject\",\"inLanguage\":\"fr-FR\",\"@id\":\"https:\\\/\\\/www.badzurzach.info\\\/fr\\\/angebote\\\/bunker-zurzach\\\/#primaryimage\",\"url\":\"https:\\\/\\\/www.badzurzach.info\\\/wp-content\\\/uploads\\\/2022\\\/12\\\/Bild-mit-Soldaten-scaled-e1676372030375.jpg\",\"contentUrl\":\"https:\\\/\\\/www.badzurzach.info\\\/wp-content\\\/uploads\\\/2022\\\/12\\\/Bild-mit-Soldaten-scaled-e1676372030375.jpg\",\"width\":2560,\"height\":1812},{\"@type\":\"BreadcrumbList\",\"@id\":\"https:\\\/\\\/www.badzurzach.info\\\/fr\\\/angebote\\\/bunker-zurzach\\\/#breadcrumb\",\"itemListElement\":[{\"@type\":\"ListItem\",\"position\":1,\"name\":\"Home\",\"item\":\"https:\\\/\\\/www.badzurzach.info\\\/fr\\\/\"},{\"@type\":\"ListItem\",\"position\":2,\"name\":\"Angebote\",\"item\":\"https:\\\/\\\/www.badzurzach.info\\\/en\\\/angebote\\\/\"},{\"@type\":\"ListItem\",\"position\":3,\"name\":\"Bunker &#8211; Zurzach\"}]},{\"@type\":\"WebSite\",\"@id\":\"https:\\\/\\\/www.badzurzach.info\\\/#website\",\"url\":\"https:\\\/\\\/www.badzurzach.info\\\/\",\"name\":\"Bad Zurzach Tourismus\",\"description\":\"Ihre Feriendestination Bad Zurzach\",\"publisher\":{\"@id\":\"https:\\\/\\\/www.badzurzach.info\\\/#organization\"},\"potentialAction\":[{\"@type\":\"SearchAction\",\"target\":{\"@type\":\"EntryPoint\",\"urlTemplate\":\"https:\\\/\\\/www.badzurzach.info\\\/?s={search_term_string}\"},\"query-input\":{\"@type\":\"PropertyValueSpecification\",\"valueRequired\":true,\"valueName\":\"search_term_string\"}}],\"inLanguage\":\"fr-FR\"},{\"@type\":\"Organization\",\"@id\":\"https:\\\/\\\/www.badzurzach.info\\\/#organization\",\"name\":\"Bad Zurzach Tourismus\",\"url\":\"https:\\\/\\\/www.badzurzach.info\\\/\",\"logo\":{\"@type\":\"ImageObject\",\"inLanguage\":\"fr-FR\",\"@id\":\"https:\\\/\\\/www.badzurzach.info\\\/#\\\/schema\\\/logo\\\/image\\\/\",\"url\":\"https:\\\/\\\/www.badzurzach.info\\\/wp-content\\\/uploads\\\/2022\\\/02\\\/Thermalbad-Zurzach_Logo.png\",\"contentUrl\":\"https:\\\/\\\/www.badzurzach.info\\\/wp-content\\\/uploads\\\/2022\\\/02\\\/Thermalbad-Zurzach_Logo.png\",\"width\":1180,\"height\":1705,\"caption\":\"Bad Zurzach Tourismus\"},\"image\":{\"@id\":\"https:\\\/\\\/www.badzurzach.info\\\/#\\\/schema\\\/logo\\\/image\\\/\"},\"sameAs\":[\"https:\\\/\\\/www.facebook.com\\\/badzurzachtourismus\",\"https:\\\/\\\/x.com\\\/BadZurzach\",\"https:\\\/\\\/www.instagram.com\\\/badzurzach.switzerland\",\"https:\\\/\\\/www.linkedin.com\\\/company\\\/6134459\\\/\"]}]}<\/script>\n<!-- \/ Yoast SEO plugin. -->","yoast_head_json":{"title":"Bunker de Zurzach","description":"Le bunker de Zurzach a \u00e9t\u00e9 occup\u00e9 par des soldats en 1939 et raconte leur histoire.","robots":{"index":"index","follow":"follow","max-snippet":"max-snippet:-1","max-image-preview":"max-image-preview:large","max-video-preview":"max-video-preview:-1"},"canonical":"https:\/\/www.badzurzach.info\/fr\/angebote\/bunker-zurzach\/","og_locale":"fr_FR","og_type":"article","og_title":"Bunker de Zurzach","og_description":"Le bunker de Zurzach a \u00e9t\u00e9 occup\u00e9 par des soldats en 1939 et raconte leur histoire.","og_url":"https:\/\/www.badzurzach.info\/fr\/angebote\/bunker-zurzach\/","og_site_name":"Bad Zurzach Tourismus","article_publisher":"https:\/\/www.facebook.com\/badzurzachtourismus","article_modified_time":"2024-05-21T10:50:26+00:00","og_image":[{"url":"https:\/\/www.badzurzach.info\/wp-content\/uploads\/2022\/12\/Soldat-vor-Bunker.jpg","type":"","width":"","height":""}],"twitter_card":"summary_large_image","twitter_site":"@BadZurzach","twitter_misc":{"Dur\u00e9e de lecture estim\u00e9e":"1 minute"},"schema":{"@context":"https:\/\/schema.org","@graph":[{"@type":"WebPage","@id":"https:\/\/www.badzurzach.info\/fr\/angebote\/bunker-zurzach\/","url":"https:\/\/www.badzurzach.info\/fr\/angebote\/bunker-zurzach\/","name":"Bunker de Zurzach","isPartOf":{"@id":"https:\/\/www.badzurzach.info\/#website"},"primaryImageOfPage":{"@id":"https:\/\/www.badzurzach.info\/fr\/angebote\/bunker-zurzach\/#primaryimage"},"image":{"@id":"https:\/\/www.badzurzach.info\/fr\/angebote\/bunker-zurzach\/#primaryimage"},"thumbnailUrl":"https:\/\/www.badzurzach.info\/wp-content\/uploads\/2022\/12\/Bild-mit-Soldaten-scaled-e1676372030375.jpg","datePublished":"2022-12-01T10:53:54+00:00","dateModified":"2024-05-21T10:50:26+00:00","description":"Le bunker de Zurzach a \u00e9t\u00e9 occup\u00e9 par des soldats en 1939 et raconte leur histoire.","breadcrumb":{"@id":"https:\/\/www.badzurzach.info\/fr\/angebote\/bunker-zurzach\/#breadcrumb"},"inLanguage":"fr-FR","potentialAction":[{"@type":"ReadAction","target":["https:\/\/www.badzurzach.info\/fr\/angebote\/bunker-zurzach\/"]}]},{"@type":"ImageObject","inLanguage":"fr-FR","@id":"https:\/\/www.badzurzach.info\/fr\/angebote\/bunker-zurzach\/#primaryimage","url":"https:\/\/www.badzurzach.info\/wp-content\/uploads\/2022\/12\/Bild-mit-Soldaten-scaled-e1676372030375.jpg","contentUrl":"https:\/\/www.badzurzach.info\/wp-content\/uploads\/2022\/12\/Bild-mit-Soldaten-scaled-e1676372030375.jpg","width":2560,"height":1812},{"@type":"BreadcrumbList","@id":"https:\/\/www.badzurzach.info\/fr\/angebote\/bunker-zurzach\/#breadcrumb","itemListElement":[{"@type":"ListItem","position":1,"name":"Home","item":"https:\/\/www.badzurzach.info\/fr\/"},{"@type":"ListItem","position":2,"name":"Angebote","item":"https:\/\/www.badzurzach.info\/en\/angebote\/"},{"@type":"ListItem","position":3,"name":"Bunker &#8211; Zurzach"}]},{"@type":"WebSite","@id":"https:\/\/www.badzurzach.info\/#website","url":"https:\/\/www.badzurzach.info\/","name":"Bad Zurzach Tourismus","description":"Ihre Feriendestination Bad Zurzach","publisher":{"@id":"https:\/\/www.badzurzach.info\/#organization"},"potentialAction":[{"@type":"SearchAction","target":{"@type":"EntryPoint","urlTemplate":"https:\/\/www.badzurzach.info\/?s={search_term_string}"},"query-input":{"@type":"PropertyValueSpecification","valueRequired":true,"valueName":"search_term_string"}}],"inLanguage":"fr-FR"},{"@type":"Organization","@id":"https:\/\/www.badzurzach.info\/#organization","name":"Bad Zurzach Tourismus","url":"https:\/\/www.badzurzach.info\/","logo":{"@type":"ImageObject","inLanguage":"fr-FR","@id":"https:\/\/www.badzurzach.info\/#\/schema\/logo\/image\/","url":"https:\/\/www.badzurzach.info\/wp-content\/uploads\/2022\/02\/Thermalbad-Zurzach_Logo.png","contentUrl":"https:\/\/www.badzurzach.info\/wp-content\/uploads\/2022\/02\/Thermalbad-Zurzach_Logo.png","width":1180,"height":1705,"caption":"Bad Zurzach Tourismus"},"image":{"@id":"https:\/\/www.badzurzach.info\/#\/schema\/logo\/image\/"},"sameAs":["https:\/\/www.facebook.com\/badzurzachtourismus","https:\/\/x.com\/BadZurzach","https:\/\/www.instagram.com\/badzurzach.switzerland","https:\/\/www.linkedin.com\/company\/6134459\/"]}]}},"_links":{"self":[{"href":"https:\/\/www.badzurzach.info\/fr\/wp-json\/wp\/v2\/angebot\/129871","targetHints":{"allow":["GET"]}}],"collection":[{"href":"https:\/\/www.badzurzach.info\/fr\/wp-json\/wp\/v2\/angebot"}],"about":[{"href":"https:\/\/www.badzurzach.info\/fr\/wp-json\/wp\/v2\/types\/angebot"}],"wp:featuredmedia":[{"embeddable":true,"href":"https:\/\/www.badzurzach.info\/fr\/wp-json\/wp\/v2\/media\/36473"}],"wp:attachment":[{"href":"https:\/\/www.badzurzach.info\/fr\/wp-json\/wp\/v2\/media?parent=129871"}],"wp:term":[{"taxonomy":"themen","embeddable":true,"href":"https:\/\/www.badzurzach.info\/fr\/wp-json\/wp\/v2\/themen?post=129871"}],"curies":[{"name":"wp","href":"https:\/\/api.w.org\/{rel}","templated":true}]}}