{"id":129891,"date":"2023-09-15T15:29:50","date_gmt":"2023-09-15T13:29:50","guid":{"rendered":"https:\/\/www.badzurzach.info\/pauschalen\/les-produits-phares-de-la-saison-du-vitalrestaurant-zurzacherhof\/"},"modified":"2024-11-24T10:50:50","modified_gmt":"2024-11-24T09:50:50","slug":"les-produits-phares-de-la-saison-du-vitalrestaurant-zurzacherhof","status":"publish","type":"pauschale","link":"https:\/\/www.badzurzach.info\/fr\/pauschalen\/les-produits-phares-de-la-saison-du-vitalrestaurant-zurzacherhof\/","title":{"rendered":"Les produits phares de la saison du VitalRestaurant Zurzacherhof"},"content":{"rendered":"\n <\/div>    \n<section class=\"block-slider\">\n      <div class=\"slides\">\n      <div class=\"slides-arrows container-fluid\"><\/div>\n      <div class=\"wrapper\">\n                            <div class=\"slides-item\">\n            <div class=\"slides-item__image\">\n              <picture>\n                <source media=\"(max-width: 540px)\" srcset=\"https:\/\/www.badzurzach.info\/wp-content\/uploads\/2023\/09\/VitalBoutique-Hotel-Zurzacherhof_Vital-Restaurant_Vorspeise-0x600-c-center.webp\" type=\"image\/webp\" \/>\n                <source media=\"(max-width: 540px)\" srcset=\"https:\/\/www.badzurzach.info\/wp-content\/uploads\/2023\/09\/VitalBoutique-Hotel-Zurzacherhof_Vital-Restaurant_Vorspeise-0x600-c-center.jpg\" type=\"image\/jpeg\" \/>\n                <source srcset=\"https:\/\/www.badzurzach.info\/wp-content\/uploads\/2023\/09\/VitalBoutique-Hotel-Zurzacherhof_Vital-Restaurant_Vorspeise-0x800-c-center.webp\" type=\"image\/webp\" \/>\n                <img decoding=\"async\" class=\"bg-anim\" src=\"https:\/\/www.badzurzach.info\/wp-content\/uploads\/2023\/09\/VitalBoutique-Hotel-Zurzacherhof_Vital-Restaurant_Vorspeise-0x800-c-center.jpg\" alt=\"\" \/>\n              <\/picture>\n            <\/div>\n            <a >\n              <div class=\"wrapper\">\n                <div class=\"slides-item--text\">\n                  <h2 class=\"title\"><\/h2>\n                  <h3 class=\"subtitle\"><\/h3>\n                <\/div>\n              <\/div>\n            <\/a>\n          <\/div>\n                            <div class=\"slides-item\">\n            <div class=\"slides-item__image\">\n              <picture>\n                <source media=\"(max-width: 540px)\" srcset=\"https:\/\/www.badzurzach.info\/wp-content\/uploads\/2023\/09\/VitalBoutique-Hotel-Zurzacherhof_Aussenansicht-frontal-scaled-0x600-c-center.webp\" type=\"image\/webp\" \/>\n                <source media=\"(max-width: 540px)\" srcset=\"https:\/\/www.badzurzach.info\/wp-content\/uploads\/2023\/09\/VitalBoutique-Hotel-Zurzacherhof_Aussenansicht-frontal-scaled-0x600-c-center.jpg\" type=\"image\/jpeg\" \/>\n                <source srcset=\"https:\/\/www.badzurzach.info\/wp-content\/uploads\/2023\/09\/VitalBoutique-Hotel-Zurzacherhof_Aussenansicht-frontal-scaled-0x800-c-center.webp\" type=\"image\/webp\" \/>\n                <img decoding=\"async\" class=\"bg-anim\" src=\"https:\/\/www.badzurzach.info\/wp-content\/uploads\/2023\/09\/VitalBoutique-Hotel-Zurzacherhof_Aussenansicht-frontal-scaled-0x800-c-center.jpg\" alt=\"\" \/>\n              <\/picture>\n            <\/div>\n            <a >\n              <div class=\"wrapper\">\n                <div class=\"slides-item--text\">\n                  <h2 class=\"title\"><\/h2>\n                  <h3 class=\"subtitle\"><\/h3>\n                <\/div>\n              <\/div>\n            <\/a>\n          <\/div>\n                            <div class=\"slides-item\">\n            <div class=\"slides-item__image\">\n              <picture>\n                <source media=\"(max-width: 540px)\" srcset=\"https:\/\/www.badzurzach.info\/wp-content\/uploads\/2023\/09\/VitalBoutique-Hotel-Zurzacherhof_Vital-Restaurant_Spargeln-0x600-c-center.webp\" type=\"image\/webp\" \/>\n                <source media=\"(max-width: 540px)\" srcset=\"https:\/\/www.badzurzach.info\/wp-content\/uploads\/2023\/09\/VitalBoutique-Hotel-Zurzacherhof_Vital-Restaurant_Spargeln-0x600-c-center.jpg\" type=\"image\/jpeg\" \/>\n                <source srcset=\"https:\/\/www.badzurzach.info\/wp-content\/uploads\/2023\/09\/VitalBoutique-Hotel-Zurzacherhof_Vital-Restaurant_Spargeln-0x800-c-center.webp\" type=\"image\/webp\" \/>\n                <img decoding=\"async\" class=\"bg-anim\" src=\"https:\/\/www.badzurzach.info\/wp-content\/uploads\/2023\/09\/VitalBoutique-Hotel-Zurzacherhof_Vital-Restaurant_Spargeln-0x800-c-center.jpg\" alt=\"\" \/>\n              <\/picture>\n            <\/div>\n            <a >\n              <div class=\"wrapper\">\n                <div class=\"slides-item--text\">\n                  <h2 class=\"title\"><\/h2>\n                  <h3 class=\"subtitle\"><\/h3>\n                <\/div>\n              <\/div>\n            <\/a>\n          <\/div>\n                            <div class=\"slides-item\">\n            <div class=\"slides-item__image\">\n              <picture>\n                <source media=\"(max-width: 540px)\" srcset=\"https:\/\/www.badzurzach.info\/wp-content\/uploads\/2023\/09\/VitalBoutique-Hotel-Zurzacherhof_Studenland-scaled-0x600-c-center.webp\" type=\"image\/webp\" \/>\n                <source media=\"(max-width: 540px)\" srcset=\"https:\/\/www.badzurzach.info\/wp-content\/uploads\/2023\/09\/VitalBoutique-Hotel-Zurzacherhof_Studenland-scaled-0x600-c-center.jpg\" type=\"image\/jpeg\" \/>\n                <source srcset=\"https:\/\/www.badzurzach.info\/wp-content\/uploads\/2023\/09\/VitalBoutique-Hotel-Zurzacherhof_Studenland-scaled-0x800-c-center.webp\" type=\"image\/webp\" \/>\n                <img decoding=\"async\" class=\"bg-anim\" src=\"https:\/\/www.badzurzach.info\/wp-content\/uploads\/2023\/09\/VitalBoutique-Hotel-Zurzacherhof_Studenland-scaled-0x800-c-center.jpg\" alt=\"\" \/>\n              <\/picture>\n            <\/div>\n            <a >\n              <div class=\"wrapper\">\n                <div class=\"slides-item--text\">\n                  <h2 class=\"title\"><\/h2>\n                  <h3 class=\"subtitle\"><\/h3>\n                <\/div>\n              <\/div>\n            <\/a>\n          <\/div>\n                            <div class=\"slides-item\">\n            <div class=\"slides-item__image\">\n              <picture>\n                <source media=\"(max-width: 540px)\" srcset=\"https:\/\/www.badzurzach.info\/wp-content\/uploads\/2023\/09\/VitalBoutique-Hotel-Zurzacherhof_Vital-Restaurant_Tatar-0x600-c-center.webp\" type=\"image\/webp\" \/>\n                <source media=\"(max-width: 540px)\" srcset=\"https:\/\/www.badzurzach.info\/wp-content\/uploads\/2023\/09\/VitalBoutique-Hotel-Zurzacherhof_Vital-Restaurant_Tatar-0x600-c-center.jpg\" type=\"image\/jpeg\" \/>\n                <source srcset=\"https:\/\/www.badzurzach.info\/wp-content\/uploads\/2023\/09\/VitalBoutique-Hotel-Zurzacherhof_Vital-Restaurant_Tatar-0x800-c-center.webp\" type=\"image\/webp\" \/>\n                <img decoding=\"async\" class=\"bg-anim\" src=\"https:\/\/www.badzurzach.info\/wp-content\/uploads\/2023\/09\/VitalBoutique-Hotel-Zurzacherhof_Vital-Restaurant_Tatar-0x800-c-center.jpg\" alt=\"\" \/>\n              <\/picture>\n            <\/div>\n            <a >\n              <div class=\"wrapper\">\n                <div class=\"slides-item--text\">\n                  <h2 class=\"title\"><\/h2>\n                  <h3 class=\"subtitle\"><\/h3>\n                <\/div>\n              <\/div>\n            <\/a>\n          <\/div>\n                            <div class=\"slides-item\">\n            <div class=\"slides-item__image\">\n              <picture>\n                <source media=\"(max-width: 540px)\" srcset=\"https:\/\/www.badzurzach.info\/wp-content\/uploads\/2023\/09\/VitalBoutique-Hotel-Zurzacherhof_Terrasse-des-Vital-Restaurants-scaled-0x600-c-center.webp\" type=\"image\/webp\" \/>\n                <source media=\"(max-width: 540px)\" srcset=\"https:\/\/www.badzurzach.info\/wp-content\/uploads\/2023\/09\/VitalBoutique-Hotel-Zurzacherhof_Terrasse-des-Vital-Restaurants-scaled-0x600-c-center.jpg\" type=\"image\/jpeg\" \/>\n                <source srcset=\"https:\/\/www.badzurzach.info\/wp-content\/uploads\/2023\/09\/VitalBoutique-Hotel-Zurzacherhof_Terrasse-des-Vital-Restaurants-scaled-0x800-c-center.webp\" type=\"image\/webp\" \/>\n                <img decoding=\"async\" class=\"bg-anim\" src=\"https:\/\/www.badzurzach.info\/wp-content\/uploads\/2023\/09\/VitalBoutique-Hotel-Zurzacherhof_Terrasse-des-Vital-Restaurants-scaled-0x800-c-center.jpg\" alt=\"\" \/>\n              <\/picture>\n            <\/div>\n            <a >\n              <div class=\"wrapper\">\n                <div class=\"slides-item--text\">\n                  <h2 class=\"title\"><\/h2>\n                  <h3 class=\"subtitle\"><\/h3>\n                <\/div>\n              <\/div>\n            <\/a>\n          <\/div>\n                            <div class=\"slides-item\">\n            <div class=\"slides-item__image\">\n              <picture>\n                <source media=\"(max-width: 540px)\" srcset=\"https:\/\/www.badzurzach.info\/wp-content\/uploads\/2023\/09\/VitalBoutique-Hotel-Zurzacherhof_Vital-Restaurant_Fleisch-0x600-c-center.webp\" type=\"image\/webp\" \/>\n                <source media=\"(max-width: 540px)\" srcset=\"https:\/\/www.badzurzach.info\/wp-content\/uploads\/2023\/09\/VitalBoutique-Hotel-Zurzacherhof_Vital-Restaurant_Fleisch-0x600-c-center.jpg\" type=\"image\/jpeg\" \/>\n                <source srcset=\"https:\/\/www.badzurzach.info\/wp-content\/uploads\/2023\/09\/VitalBoutique-Hotel-Zurzacherhof_Vital-Restaurant_Fleisch-0x800-c-center.webp\" type=\"image\/webp\" \/>\n                <img decoding=\"async\" class=\"bg-anim\" src=\"https:\/\/www.badzurzach.info\/wp-content\/uploads\/2023\/09\/VitalBoutique-Hotel-Zurzacherhof_Vital-Restaurant_Fleisch-0x800-c-center.jpg\" alt=\"\" \/>\n              <\/picture>\n            <\/div>\n            <a >\n              <div class=\"wrapper\">\n                <div class=\"slides-item--text\">\n                  <h2 class=\"title\"><\/h2>\n                  <h3 class=\"subtitle\"><\/h3>\n                <\/div>\n              <\/div>\n            <\/a>\n          <\/div>\n                            <div class=\"slides-item\">\n            <div class=\"slides-item__image\">\n              <picture>\n                <source media=\"(max-width: 540px)\" srcset=\"https:\/\/www.badzurzach.info\/wp-content\/uploads\/2023\/09\/VitalRestaurant-Zurzacherhof-0x600-c-center.webp\" type=\"image\/webp\" \/>\n                <source media=\"(max-width: 540px)\" srcset=\"https:\/\/www.badzurzach.info\/wp-content\/uploads\/2023\/09\/VitalRestaurant-Zurzacherhof-0x600-c-center.jpg\" type=\"image\/jpeg\" \/>\n                <source srcset=\"https:\/\/www.badzurzach.info\/wp-content\/uploads\/2023\/09\/VitalRestaurant-Zurzacherhof-0x800-c-center.webp\" type=\"image\/webp\" \/>\n                <img decoding=\"async\" class=\"bg-anim\" src=\"https:\/\/www.badzurzach.info\/wp-content\/uploads\/2023\/09\/VitalRestaurant-Zurzacherhof-0x800-c-center.jpg\" alt=\"\" \/>\n              <\/picture>\n            <\/div>\n            <a >\n              <div class=\"wrapper\">\n                <div class=\"slides-item--text\">\n                  <h2 class=\"title\"><\/h2>\n                  <h3 class=\"subtitle\"><\/h3>\n                <\/div>\n              <\/div>\n            <\/a>\n          <\/div>\n              <\/div>\n    <\/div>\n  <\/section>\n\n <div class=\"container\">   \n<section class=\"block-text-box \">\n  \n\n<p>Le VitalRestaurant Zurzacherhof, situ\u00e9 juste \u00e0 c\u00f4t\u00e9 des thermes de Zurzach, vous surprendra d\u00e8s votre entr\u00e9e par son ambiance tr\u00e8s particuli\u00e8re : Des pierres de sel \u00e9clair\u00e9es sur les murs conf\u00e8rent au restaurant une ambiance \u00e0 la fois chaleureuse et moderne. Ici, vous pouvez vous d\u00e9tendre et vous faire dorloter. La carte vari\u00e9e \u00e0 la carte, avec la sp\u00e9cialit\u00e9 maison \u00ab\u00a0Heisses Eisen\u00a0\u00bb (fer chaud), et les menus attrayants du midi sont compl\u00e9t\u00e9s par des produits phares sp\u00e9ciaux de saison. Jetez directement un coup d&rsquo;\u0153il sur les recommandations de saison, que vous pourrez d\u00e9guster dans l&rsquo;agr\u00e9able restaurant ou, \u00e0 la belle saison, sur la grande terrasse ensoleill\u00e9e, au choix !<\/p>\n\n\n\n<div class=\"wp-block-buttons is-content-justification-center is-layout-flex wp-container-core-buttons-is-layout-16018d1d wp-block-buttons-is-layout-flex\">\n<div class=\"wp-block-button\"><a class=\"wp-block-button__link wp-element-button\" href=\"https:\/\/www.zurzacherhof.ch\/restaurant\/#Saison\" target=\"_blank\" rel=\"noreferrer noopener\">Menu<\/a><\/div>\n<\/div>\n\n\n\n<p class=\"has-text-align-center\"><strong>R\u00e9server une table<\/strong><\/p>\n\n\n\n<div class=\"wp-block-buttons is-content-justification-center is-layout-flex wp-container-core-buttons-is-layout-16018d1d wp-block-buttons-is-layout-flex\">\n<div class=\"wp-block-button\"><a class=\"wp-block-button__link wp-element-button\" href=\"tel:+41562652725\">Appeler<\/a><\/div>\n\n\n\n<div class=\"wp-block-button\"><a class=\"wp-block-button__link wp-element-button\" href=\"mailto:info@zurzacherhof.ch\">E-mail<\/a><\/div>\n<\/div>\n\n\n<\/section>\n\n","protected":false},"featured_media":135780,"template":"","pauschalen-categories":[356],"class_list":["post-129891","pauschale","type-pauschale","status-publish","has-post-thumbnail","hentry","pauschalen-categories-experiences-culinaires"],"acf":[],"yoast_head":"<!-- This site is optimized with the Yoast SEO plugin v27.5 - https:\/\/yoast.com\/product\/yoast-seo-wordpress\/ -->\n<title>Bad Zurzach Tourismus Les produits phares de la saison du VitalRestaurant Zurzacherhof -<\/title>\n<meta name=\"description\" content=\"Laissez-vous g\u00e2ter par les produits phares de la saison au VitalRestaurant. Le restaurant confortable ou la terrasse ensoleill\u00e9e offrent quelque chose pour tout le monde.\" \/>\n<meta name=\"robots\" content=\"index, follow, max-snippet:-1, max-image-preview:large, max-video-preview:-1\" \/>\n<link rel=\"canonical\" href=\"https:\/\/www.badzurzach.info\/fr\/pauschalen\/les-produits-phares-de-la-saison-du-vitalrestaurant-zurzacherhof\/\" \/>\n<meta property=\"og:locale\" content=\"fr_FR\" \/>\n<meta property=\"og:type\" content=\"article\" \/>\n<meta property=\"og:title\" content=\"Sp\u00e9cialit\u00e9s automnales de la cuisine et de la cave\" \/>\n<meta property=\"og:description\" content=\"Sp\u00e9cialit\u00e9s automnales que les artistes de la cuisine mettront dans votre assiette.\" \/>\n<meta property=\"og:url\" content=\"https:\/\/www.badzurzach.info\/fr\/pauschalen\/les-produits-phares-de-la-saison-du-vitalrestaurant-zurzacherhof\/\" \/>\n<meta property=\"og:site_name\" content=\"Bad Zurzach Tourismus\" \/>\n<meta property=\"article:publisher\" content=\"https:\/\/www.facebook.com\/badzurzachtourismus\" \/>\n<meta property=\"article:modified_time\" content=\"2024-11-24T09:50:50+00:00\" \/>\n<meta property=\"og:image\" content=\"https:\/\/www.badzurzach.info\/wp-content\/uploads\/2022\/01\/VitalBoutique-Hotel-Zurzacherhof_Vital-Restaurant_Tatar_600px.jpg\" \/>\n<meta name=\"twitter:card\" content=\"summary_large_image\" \/>\n<meta name=\"twitter:site\" content=\"@BadZurzach\" \/>\n<meta name=\"twitter:label1\" content=\"Dur\u00e9e de lecture estim\u00e9e\" \/>\n\t<meta name=\"twitter:data1\" content=\"1 minute\" \/>\n<script type=\"application\/ld+json\" class=\"yoast-schema-graph\">{\"@context\":\"https:\\\/\\\/schema.org\",\"@graph\":[{\"@type\":\"WebPage\",\"@id\":\"https:\\\/\\\/www.badzurzach.info\\\/fr\\\/pauschalen\\\/les-produits-phares-de-la-saison-du-vitalrestaurant-zurzacherhof\\\/\",\"url\":\"https:\\\/\\\/www.badzurzach.info\\\/fr\\\/pauschalen\\\/les-produits-phares-de-la-saison-du-vitalrestaurant-zurzacherhof\\\/\",\"name\":\"Bad Zurzach Tourismus Les produits phares de la saison du VitalRestaurant Zurzacherhof -\",\"isPartOf\":{\"@id\":\"https:\\\/\\\/www.badzurzach.info\\\/#website\"},\"primaryImageOfPage\":{\"@id\":\"https:\\\/\\\/www.badzurzach.info\\\/fr\\\/pauschalen\\\/les-produits-phares-de-la-saison-du-vitalrestaurant-zurzacherhof\\\/#primaryimage\"},\"image\":{\"@id\":\"https:\\\/\\\/www.badzurzach.info\\\/fr\\\/pauschalen\\\/les-produits-phares-de-la-saison-du-vitalrestaurant-zurzacherhof\\\/#primaryimage\"},\"thumbnailUrl\":\"https:\\\/\\\/www.badzurzach.info\\\/wp-content\\\/uploads\\\/2023\\\/09\\\/Colours-A1-Vocabulary-Printable-Worksheet.jpg\",\"datePublished\":\"2023-09-15T13:29:50+00:00\",\"dateModified\":\"2024-11-24T09:50:50+00:00\",\"description\":\"Laissez-vous g\u00e2ter par les produits phares de la saison au VitalRestaurant. Le restaurant confortable ou la terrasse ensoleill\u00e9e offrent quelque chose pour tout le monde.\",\"breadcrumb\":{\"@id\":\"https:\\\/\\\/www.badzurzach.info\\\/fr\\\/pauschalen\\\/les-produits-phares-de-la-saison-du-vitalrestaurant-zurzacherhof\\\/#breadcrumb\"},\"inLanguage\":\"fr-FR\",\"potentialAction\":[{\"@type\":\"ReadAction\",\"target\":[\"https:\\\/\\\/www.badzurzach.info\\\/fr\\\/pauschalen\\\/les-produits-phares-de-la-saison-du-vitalrestaurant-zurzacherhof\\\/\"]}]},{\"@type\":\"ImageObject\",\"inLanguage\":\"fr-FR\",\"@id\":\"https:\\\/\\\/www.badzurzach.info\\\/fr\\\/pauschalen\\\/les-produits-phares-de-la-saison-du-vitalrestaurant-zurzacherhof\\\/#primaryimage\",\"url\":\"https:\\\/\\\/www.badzurzach.info\\\/wp-content\\\/uploads\\\/2023\\\/09\\\/Colours-A1-Vocabulary-Printable-Worksheet.jpg\",\"contentUrl\":\"https:\\\/\\\/www.badzurzach.info\\\/wp-content\\\/uploads\\\/2023\\\/09\\\/Colours-A1-Vocabulary-Printable-Worksheet.jpg\",\"width\":2259,\"height\":1143},{\"@type\":\"BreadcrumbList\",\"@id\":\"https:\\\/\\\/www.badzurzach.info\\\/fr\\\/pauschalen\\\/les-produits-phares-de-la-saison-du-vitalrestaurant-zurzacherhof\\\/#breadcrumb\",\"itemListElement\":[{\"@type\":\"ListItem\",\"position\":1,\"name\":\"Home\",\"item\":\"https:\\\/\\\/www.badzurzach.info\\\/fr\\\/\"},{\"@type\":\"ListItem\",\"position\":2,\"name\":\"Pauschalen\",\"item\":\"https:\\\/\\\/www.badzurzach.info\\\/fr\\\/pauschalen\\\/\"},{\"@type\":\"ListItem\",\"position\":3,\"name\":\"Les produits phares de la saison du VitalRestaurant Zurzacherhof\"}]},{\"@type\":\"WebSite\",\"@id\":\"https:\\\/\\\/www.badzurzach.info\\\/#website\",\"url\":\"https:\\\/\\\/www.badzurzach.info\\\/\",\"name\":\"Bad Zurzach Tourismus\",\"description\":\"Ihre Feriendestination Bad Zurzach\",\"publisher\":{\"@id\":\"https:\\\/\\\/www.badzurzach.info\\\/#organization\"},\"potentialAction\":[{\"@type\":\"SearchAction\",\"target\":{\"@type\":\"EntryPoint\",\"urlTemplate\":\"https:\\\/\\\/www.badzurzach.info\\\/?s={search_term_string}\"},\"query-input\":{\"@type\":\"PropertyValueSpecification\",\"valueRequired\":true,\"valueName\":\"search_term_string\"}}],\"inLanguage\":\"fr-FR\"},{\"@type\":\"Organization\",\"@id\":\"https:\\\/\\\/www.badzurzach.info\\\/#organization\",\"name\":\"Bad Zurzach Tourismus\",\"url\":\"https:\\\/\\\/www.badzurzach.info\\\/\",\"logo\":{\"@type\":\"ImageObject\",\"inLanguage\":\"fr-FR\",\"@id\":\"https:\\\/\\\/www.badzurzach.info\\\/#\\\/schema\\\/logo\\\/image\\\/\",\"url\":\"https:\\\/\\\/www.badzurzach.info\\\/wp-content\\\/uploads\\\/2022\\\/02\\\/Thermalbad-Zurzach_Logo.png\",\"contentUrl\":\"https:\\\/\\\/www.badzurzach.info\\\/wp-content\\\/uploads\\\/2022\\\/02\\\/Thermalbad-Zurzach_Logo.png\",\"width\":1180,\"height\":1705,\"caption\":\"Bad Zurzach Tourismus\"},\"image\":{\"@id\":\"https:\\\/\\\/www.badzurzach.info\\\/#\\\/schema\\\/logo\\\/image\\\/\"},\"sameAs\":[\"https:\\\/\\\/www.facebook.com\\\/badzurzachtourismus\",\"https:\\\/\\\/x.com\\\/BadZurzach\",\"https:\\\/\\\/www.instagram.com\\\/badzurzach.switzerland\",\"https:\\\/\\\/www.linkedin.com\\\/company\\\/6134459\\\/\"]}]}<\/script>\n<!-- \/ Yoast SEO plugin. -->","yoast_head_json":{"title":"Bad Zurzach Tourismus Les produits phares de la saison du VitalRestaurant Zurzacherhof -","description":"Laissez-vous g\u00e2ter par les produits phares de la saison au VitalRestaurant. Le restaurant confortable ou la terrasse ensoleill\u00e9e offrent quelque chose pour tout le monde.","robots":{"index":"index","follow":"follow","max-snippet":"max-snippet:-1","max-image-preview":"max-image-preview:large","max-video-preview":"max-video-preview:-1"},"canonical":"https:\/\/www.badzurzach.info\/fr\/pauschalen\/les-produits-phares-de-la-saison-du-vitalrestaurant-zurzacherhof\/","og_locale":"fr_FR","og_type":"article","og_title":"Sp\u00e9cialit\u00e9s automnales de la cuisine et de la cave","og_description":"Sp\u00e9cialit\u00e9s automnales que les artistes de la cuisine mettront dans votre assiette.","og_url":"https:\/\/www.badzurzach.info\/fr\/pauschalen\/les-produits-phares-de-la-saison-du-vitalrestaurant-zurzacherhof\/","og_site_name":"Bad Zurzach Tourismus","article_publisher":"https:\/\/www.facebook.com\/badzurzachtourismus","article_modified_time":"2024-11-24T09:50:50+00:00","og_image":[{"url":"https:\/\/www.badzurzach.info\/wp-content\/uploads\/2022\/01\/VitalBoutique-Hotel-Zurzacherhof_Vital-Restaurant_Tatar_600px.jpg","type":"","width":"","height":""}],"twitter_card":"summary_large_image","twitter_site":"@BadZurzach","twitter_misc":{"Dur\u00e9e de lecture estim\u00e9e":"1 minute"},"schema":{"@context":"https:\/\/schema.org","@graph":[{"@type":"WebPage","@id":"https:\/\/www.badzurzach.info\/fr\/pauschalen\/les-produits-phares-de-la-saison-du-vitalrestaurant-zurzacherhof\/","url":"https:\/\/www.badzurzach.info\/fr\/pauschalen\/les-produits-phares-de-la-saison-du-vitalrestaurant-zurzacherhof\/","name":"Bad Zurzach Tourismus Les produits phares de la saison du VitalRestaurant Zurzacherhof -","isPartOf":{"@id":"https:\/\/www.badzurzach.info\/#website"},"primaryImageOfPage":{"@id":"https:\/\/www.badzurzach.info\/fr\/pauschalen\/les-produits-phares-de-la-saison-du-vitalrestaurant-zurzacherhof\/#primaryimage"},"image":{"@id":"https:\/\/www.badzurzach.info\/fr\/pauschalen\/les-produits-phares-de-la-saison-du-vitalrestaurant-zurzacherhof\/#primaryimage"},"thumbnailUrl":"https:\/\/www.badzurzach.info\/wp-content\/uploads\/2023\/09\/Colours-A1-Vocabulary-Printable-Worksheet.jpg","datePublished":"2023-09-15T13:29:50+00:00","dateModified":"2024-11-24T09:50:50+00:00","description":"Laissez-vous g\u00e2ter par les produits phares de la saison au VitalRestaurant. Le restaurant confortable ou la terrasse ensoleill\u00e9e offrent quelque chose pour tout le monde.","breadcrumb":{"@id":"https:\/\/www.badzurzach.info\/fr\/pauschalen\/les-produits-phares-de-la-saison-du-vitalrestaurant-zurzacherhof\/#breadcrumb"},"inLanguage":"fr-FR","potentialAction":[{"@type":"ReadAction","target":["https:\/\/www.badzurzach.info\/fr\/pauschalen\/les-produits-phares-de-la-saison-du-vitalrestaurant-zurzacherhof\/"]}]},{"@type":"ImageObject","inLanguage":"fr-FR","@id":"https:\/\/www.badzurzach.info\/fr\/pauschalen\/les-produits-phares-de-la-saison-du-vitalrestaurant-zurzacherhof\/#primaryimage","url":"https:\/\/www.badzurzach.info\/wp-content\/uploads\/2023\/09\/Colours-A1-Vocabulary-Printable-Worksheet.jpg","contentUrl":"https:\/\/www.badzurzach.info\/wp-content\/uploads\/2023\/09\/Colours-A1-Vocabulary-Printable-Worksheet.jpg","width":2259,"height":1143},{"@type":"BreadcrumbList","@id":"https:\/\/www.badzurzach.info\/fr\/pauschalen\/les-produits-phares-de-la-saison-du-vitalrestaurant-zurzacherhof\/#breadcrumb","itemListElement":[{"@type":"ListItem","position":1,"name":"Home","item":"https:\/\/www.badzurzach.info\/fr\/"},{"@type":"ListItem","position":2,"name":"Pauschalen","item":"https:\/\/www.badzurzach.info\/fr\/pauschalen\/"},{"@type":"ListItem","position":3,"name":"Les produits phares de la saison du VitalRestaurant Zurzacherhof"}]},{"@type":"WebSite","@id":"https:\/\/www.badzurzach.info\/#website","url":"https:\/\/www.badzurzach.info\/","name":"Bad Zurzach Tourismus","description":"Ihre Feriendestination Bad Zurzach","publisher":{"@id":"https:\/\/www.badzurzach.info\/#organization"},"potentialAction":[{"@type":"SearchAction","target":{"@type":"EntryPoint","urlTemplate":"https:\/\/www.badzurzach.info\/?s={search_term_string}"},"query-input":{"@type":"PropertyValueSpecification","valueRequired":true,"valueName":"search_term_string"}}],"inLanguage":"fr-FR"},{"@type":"Organization","@id":"https:\/\/www.badzurzach.info\/#organization","name":"Bad Zurzach Tourismus","url":"https:\/\/www.badzurzach.info\/","logo":{"@type":"ImageObject","inLanguage":"fr-FR","@id":"https:\/\/www.badzurzach.info\/#\/schema\/logo\/image\/","url":"https:\/\/www.badzurzach.info\/wp-content\/uploads\/2022\/02\/Thermalbad-Zurzach_Logo.png","contentUrl":"https:\/\/www.badzurzach.info\/wp-content\/uploads\/2022\/02\/Thermalbad-Zurzach_Logo.png","width":1180,"height":1705,"caption":"Bad Zurzach Tourismus"},"image":{"@id":"https:\/\/www.badzurzach.info\/#\/schema\/logo\/image\/"},"sameAs":["https:\/\/www.facebook.com\/badzurzachtourismus","https:\/\/x.com\/BadZurzach","https:\/\/www.instagram.com\/badzurzach.switzerland","https:\/\/www.linkedin.com\/company\/6134459\/"]}]}},"_links":{"self":[{"href":"https:\/\/www.badzurzach.info\/fr\/wp-json\/wp\/v2\/pauschale\/129891","targetHints":{"allow":["GET"]}}],"collection":[{"href":"https:\/\/www.badzurzach.info\/fr\/wp-json\/wp\/v2\/pauschale"}],"about":[{"href":"https:\/\/www.badzurzach.info\/fr\/wp-json\/wp\/v2\/types\/pauschale"}],"wp:featuredmedia":[{"embeddable":true,"href":"https:\/\/www.badzurzach.info\/fr\/wp-json\/wp\/v2\/media\/135780"}],"wp:attachment":[{"href":"https:\/\/www.badzurzach.info\/fr\/wp-json\/wp\/v2\/media?parent=129891"}],"wp:term":[{"taxonomy":"pauschalen-categories","embeddable":true,"href":"https:\/\/www.badzurzach.info\/fr\/wp-json\/wp\/v2\/pauschalen-categories?post=129891"}],"curies":[{"name":"wp","href":"https:\/\/api.w.org\/{rel}","templated":true}]}}